{"id":125,"date":"2019-09-05T22:59:09","date_gmt":"2019-09-05T20:59:09","guid":{"rendered":"http:\/\/aquasantebeloeil.be\/?page_id=125"},"modified":"2024-08-13T13:54:52","modified_gmt":"2024-08-13T11:54:52","slug":"contact","status":"publish","type":"page","link":"http:\/\/aquasantebeloeil.be\/index.php\/contact\/","title":{"rendered":"Nous contacter"},"content":{"rendered":"\n<p class=\"has-text-align-center has-white-color has-text-color has-background has-large-font-size\" style=\"background-color:#094a6b;letter-spacing:12px\">Num\u00e9ro g\u00e9n\u00e9ral : <\/p>\n\n\n\n<p class=\"has-text-align-center has-white-color has-text-color has-background has-x-large-font-size\" style=\"background-color:#094a6b;letter-spacing:12px\">069 \/ 86.89.65<\/p>\n\n\n\n<p class=\"has-text-align-center has-medium-font-size\"><br><strong><em>Notre adresse : <\/em><\/strong><\/p>\n\n\n\n<p class=\"has-text-align-center has-medium-font-size\">Rue d&rsquo;Ath, 73<\/p>\n\n\n\n<p class=\"has-text-align-center has-medium-font-size\">B- 7970 Beloeil<\/p>\n\n\n\n<p class=\"has-text-align-center\">Parking ais\u00e9 &#8211; acc\u00e8s PMR<\/p>\n\n\n\n<div style=\"height:60px\" aria-hidden=\"true\" class=\"wp-block-spacer\"><\/div>\n\n\n\n<p>Les contacts : <\/p>\n\n\n\n<p><strong>Kin\u00e9s : <\/strong><\/p>\n\n\n\n<p class=\"has-text-align-center\">Merci d&rsquo;utiliser principalement le num\u00e9ro g\u00e9n\u00e9ral<\/p>\n\n\n\n<p>Dubois Sylvain : 0477 60 53 34 (num\u00e9ro en cas de post-op\u00e9ration, kin\u00e9sith\u00e9rapie respiratoire)<\/p>\n\n\n\n<p>Platiau Marine: 0477 60 53 34 (num\u00e9ro en cas de post-op\u00e9ration, kin\u00e9sith\u00e9rapie respiratoire)<\/p>\n\n\n\n<p>Najih Inesse : 0489 08 57 68 (num\u00e9ro en cas de post-op\u00e9ration, kin\u00e9sith\u00e9rapie respiratoire)<\/p>\n\n\n\n<p>Fr\u00e9d\u00e9ric Adrien : 0478 48 24 48 (num\u00e9ro en cas de post-op\u00e9ration, kin\u00e9sith\u00e9rapie respiratoire)<\/p>\n\n\n\n<div style=\"height:60px\" aria-hidden=\"true\" class=\"wp-block-spacer\"><\/div>\n\n\n\n<p><strong>Ost\u00e9opathe : <\/strong><\/p>\n\n\n\n<p>Leclercq Fran\u00e7ois : 0478 68 58 79<\/p>\n\n\n\n<div style=\"height:60px\" aria-hidden=\"true\" class=\"wp-block-spacer\"><\/div>\n\n\n\n<p><strong>Psychologue : <\/strong><\/p>\n\n\n\n<p>Lebrun Fr\u00e9d\u00e9ric : 0478 94 10 57<\/p>\n\n\n\n<div style=\"height:60px\" aria-hidden=\"true\" class=\"wp-block-spacer\"><\/div>\n\n\n\n<p><strong>Orthop\u00e9dagogue : <\/strong><\/p>\n\n\n\n<p>Willocq Marie : 0472 78 50 34<\/p>\n\n\n\n<div style=\"height:60px\" aria-hidden=\"true\" class=\"wp-block-spacer\"><\/div>\n\n\n\n<p><strong>Cours de sport : <\/strong>Tancredi Adriano: 0497\/46.74.38<\/p>\n\n\n\n<p><strong>Adultes + Enfants<\/strong> : Tancredi Adriano: 0497\/46.74.38<\/p>\n\n\n\n<p><strong>B\u00e9b\u00e9s nageurs<\/strong> : Diricq J\u00e9r\u00f4me : 0497 74 13 30<\/p>\n\n\n\n<p><strong>Yoga<\/strong> : Vandecaseyn Alicia : 0498 10 33 96<br><\/p>\n\n\n\n<p><br><\/p>\n\n\n\n<p><strong>Pages facebook:<\/strong><br><a href=\"https:\/\/www.facebook.com\/aquasantebeloeil\">AquaSant\u00e9<\/a><\/p>\n\n\n\n<p><a href=\"https:\/\/www.facebook.com\/profile.php?id=100095808060785\">Sport Body Health <\/a><\/p>\n\n\n\n<p><a href=\"https:\/\/www.facebook.com\/AdrianoCoachSportif\">Adriano Coach Sportif<\/a><\/p>\n\n\n\n<p><a href=\"https:\/\/www.facebook.com\/coursdeyogaat\">Anakao cours de yoga <\/a><\/p>\n\n\n\n<p><\/p>\n","protected":false},"excerpt":{"rendered":"<div class=\"slide-text-bg2\"><span>Num\u00e9ro g\u00e9n\u00e9ral : 069 \/ 86.89.65 Notre adresse : Rue d&rsquo;Ath, 73 B- 7970 Beloeil Parking ais\u00e9 &#8211; acc\u00e8s PMR Les contacts : Kin\u00e9s : Merci d&#038;rsq<\/span><\/div>\n<div class=\"slide-btn-area-sm\"><a href=\"http:\/\/aquasantebeloeil.be\/index.php\/contact\/\" class=\"slide-btn-sm\">Lire la suite<\/a><\/div>\n","protected":false},"author":1,"featured_media":0,"parent":0,"menu_order":6,"comment_status":"closed","ping_status":"closed","template":"","meta":{"sfsi_plus_gutenberg_text_before_share":"","sfsi_plus_gutenberg_show_text_before_share":"","sfsi_plus_gutenberg_icon_type":"","sfsi_plus_gutenberg_icon_alignemt":"","sfsi_plus_gutenburg_max_per_row":""},"_links":{"self":[{"href":"http:\/\/aquasantebeloeil.be\/index.php\/wp-json\/wp\/v2\/pages\/125"}],"collection":[{"href":"http:\/\/aquasantebeloeil.be\/index.php\/wp-json\/wp\/v2\/pages"}],"about":[{"href":"http:\/\/aquasantebeloeil.be\/index.php\/wp-json\/wp\/v2\/types\/page"}],"author":[{"embeddable":true,"href":"http:\/\/aquasantebeloeil.be\/index.php\/wp-json\/wp\/v2\/users\/1"}],"replies":[{"embeddable":true,"href":"http:\/\/aquasantebeloeil.be\/index.php\/wp-json\/wp\/v2\/comments?post=125"}],"version-history":[{"count":13,"href":"http:\/\/aquasantebeloeil.be\/index.php\/wp-json\/wp\/v2\/pages\/125\/revisions"}],"predecessor-version":[{"id":898,"href":"http:\/\/aquasantebeloeil.be\/index.php\/wp-json\/wp\/v2\/pages\/125\/revisions\/898"}],"wp:attachment":[{"href":"http:\/\/aquasantebeloeil.be\/index.php\/wp-json\/wp\/v2\/media?parent=125"}],"curies":[{"name":"wp","href":"https:\/\/api.w.org\/{rel}","templated":true}]}}