{"id":18,"date":"2019-09-05T12:51:42","date_gmt":"2019-09-05T10:51:42","guid":{"rendered":"http:\/\/aquasantebeloeil.be\/?page_id=18"},"modified":"2025-10-07T15:24:46","modified_gmt":"2025-10-07T13:24:46","slug":"nos-membres","status":"publish","type":"page","link":"http:\/\/aquasantebeloeil.be\/index.php\/nos-membres\/","title":{"rendered":"Notre \u00e9quipe"},"content":{"rendered":"\n<p class=\"has-medium-font-size\">Responsables : PLATIAU Marine &#8211; DUBOIS Sylvain<\/p>\n\n\n\n<div style=\"height:74px\" aria-hidden=\"true\" class=\"wp-block-spacer\"><\/div>\n\n\n\n<p class=\"has-text-align-center has-white-color has-text-color has-background has-medium-font-size\" style=\"background-color:#347c91;font-style:normal;font-weight:400;letter-spacing:15px\">L&rsquo;\u00e9quipe     param\u00e9dicale<\/p>\n\n\n\n<h2 class=\"has-text-align-center\"><mark style=\"background-color:rgba(0, 0, 0, 0);color:#008453\" class=\"has-inline-color\">Les kin\u00e9sith\u00e9rapeutes<\/mark><\/h2>\n\n\n\n<p style=\"font-size:25px;font-style:normal;font-weight:300\">Platiau Marine <\/p>\n\n\n\n<ul style=\"font-size:18px;font-style:normal;font-weight:100\">\n<li>Drainage lymphatique manuel<\/li>\n\n\n\n<li>Cha\u00eenes musculaires<\/li>\n\n\n\n<li>Lecture holistique ost\u00e9opathique &#8211; lecture biologique<\/li>\n\n\n\n<li>Orthop\u00e9die et traumatologie du tronc<\/li>\n<\/ul>\n\n\n\n<p style=\"font-size:25px;font-style:normal;font-weight:300\">Dubois Sylvain<\/p>\n\n\n\n<ul style=\"font-size:18px;font-style:normal;font-weight:300\">\n<li>Kin\u00e9sith\u00e9rapie du sport<\/li>\n\n\n\n<li>Th\u00e9rapie manuelle analytique<\/li>\n\n\n\n<li>Cha\u00eenes musculaires<\/li>\n\n\n\n<li>Orthop\u00e9die et traumatologie des membres<\/li>\n<\/ul>\n\n\n\n<p style=\"font-size:25px;font-style:normal;font-weight:300\">Najih Inesse<\/p>\n\n\n\n<ul style=\"font-size:18px;font-style:normal;font-weight:300\">\n<li>Kin\u00e9sith\u00e9rapie g\u00e9n\u00e9rale<\/li>\n\n\n\n<li>Post-partum<\/li>\n\n\n\n<li>P\u00e9diatrie<\/li>\n<\/ul>\n\n\n\n<p style=\"font-size:25px;font-style:normal;font-weight:300\">Fr\u00e9d\u00e9ric Adrien<\/p>\n\n\n\n<ul style=\"font-size:18px;font-style:normal;font-weight:300\">\n<li>Kin\u00e9sith\u00e9rapie g\u00e9n\u00e9rale<\/li>\n\n\n\n<li>Th\u00e9rapie manuelle et sportive<\/li>\n\n\n\n<li>M\u00e9thode McKenzie<\/li>\n<\/ul>\n\n\n\n<p><\/p>\n\n\n\n<h2 class=\"has-text-align-center\"><mark style=\"background-color:rgba(0, 0, 0, 0);color:#018354\" class=\"has-inline-color\">L&rsquo;ost\u00e9opathe<\/mark><\/h2>\n\n\n\n<p style=\"font-size:25px;font-style:normal;font-weight:300\">Leclercq Fran\u00e7ois<\/p>\n\n\n\n<ul style=\"font-size:18px;font-style:normal;font-weight:300\">\n<li>Ost\u00e9opathie g\u00e9n\u00e9rale<\/li>\n\n\n\n<li>Ost\u00e9opathie du sport<\/li>\n<\/ul>\n\n\n\n<p><\/p>\n\n\n\n<h2 class=\"has-text-align-center\"><mark style=\"background-color:rgba(0, 0, 0, 0);color:#018353\" class=\"has-inline-color\">Les psychologues<\/mark><\/h2>\n\n\n\n<p style=\"font-size:25px;font-style:normal;font-weight:300\">Lebrun Fr\u00e9d\u00e9ric<\/p>\n\n\n\n<ul style=\"font-size:18px;font-style:normal;font-weight:300\">\n<li>Aide th\u00e9rapeutique : d\u00e9pression, stress, burn-out &#8230;<\/li>\n\n\n\n<li>Consultation de premi\u00e8re ligne<\/li>\n<\/ul>\n\n\n\n<p style=\"font-size:25px;font-style:normal;font-weight:300\">Willocq Marie<\/p>\n\n\n\n<h2 class=\"has-text-align-center\"><mark style=\"background-color:rgba(0, 0, 0, 0);color:#008353\" class=\"has-inline-color\">L&rsquo;orthop\u00e9dagogue<\/mark><\/h2>\n\n\n\n<p style=\"font-size:25px;font-style:normal;font-weight:300\">Willocq Marie<\/p>\n\n\n\n<ul style=\"font-size:18px;font-style:normal;font-weight:300\">\n<li>Mise en place d&rsquo;am\u00e9nagement sp\u00e9cifiques dans le cadre scolaire<\/li>\n\n\n\n<li>Am\u00e9nagement d&rsquo;un lieu de vie ou de travail pour une personne en situation d&rsquo;handicap <\/li>\n<\/ul>\n\n\n\n<div style=\"height:75px\" aria-hidden=\"true\" class=\"wp-block-spacer\"><\/div>\n\n\n\n<p class=\"has-text-align-center has-white-color has-text-color has-background has-medium-font-size\" style=\"background-color:#347c91;font-style:normal;font-weight:400;letter-spacing:15px\">L&rsquo;\u00e9quipe   sportive<\/p>\n\n\n\n<p style=\"font-size:25px;font-style:normal;font-weight:300\">Tancredi Adriano <\/p>\n\n\n\n<ul style=\"font-size:18px;font-style:normal;font-weight:300\">\n<li>Coachings individuels \/ small group<\/li>\n\n\n\n<li>Bilan sant\u00e9<\/li>\n\n\n\n<li>Cours adultes et enfants<\/li>\n\n\n\n<li>Cours particuliers enfants<\/li>\n\n\n\n<li>Responsable de l&rsquo;\u00e9quipe sportive<\/li>\n<\/ul>\n\n\n\n<p style=\"font-size:25px;font-style:normal;font-weight:300\">Daubechies Th\u00e9o<\/p>\n\n\n\n<ul style=\"font-size:18px;font-style:normal;font-weight:300\">\n<li>Cours full body sport adultes et +65 ans<\/li>\n<\/ul>\n\n\n\n<p style=\"font-size:25px;font-style:normal;font-weight:300\">Diricq J\u00e9r\u00f4me <\/p>\n\n\n\n<ul style=\"font-size:18px;font-style:normal;font-weight:300\">\n<li>Cours de b\u00e9b\u00e9s nageurs<\/li>\n<\/ul>\n\n\n\n<p style=\"font-size:25px;font-style:normal;font-weight:300\">Genis Isabelle<\/p>\n\n\n\n<ul style=\"font-size:18px;font-style:normal;font-weight:300\">\n<li>Cours de Pilates<\/li>\n<\/ul>\n\n\n\n<p style=\"font-size:25px;font-style:normal;font-weight:300\">Billemont Mathias<\/p>\n\n\n\n<ul style=\"font-size:18px;font-style:normal;font-weight:300\">\n<li>Cours de psychomotricit\u00e9<\/li>\n<\/ul>\n\n\n\n<p style=\"font-size:25px;font-style:normal;font-weight:300\">Cuvelier Anne<\/p>\n\n\n\n<ul style=\"font-size:18px;font-style:normal;font-weight:300\">\n<li>Qi Gong<\/li>\n<\/ul>\n\n\n\n<p style=\"font-size:25px;font-style:normal;font-weight:300\">Vandecaseyn Alicia <\/p>\n\n\n\n<ul style=\"font-size:18px;font-style:normal;font-weight:300\">\n<li>Cours de Yoga<\/li>\n<\/ul>\n\n\n\n<p style=\"font-size:25px;font-style:normal;font-weight:300\">Van De Sype Thierry<\/p>\n\n\n\n<ul style=\"font-size:18px;font-style:normal;font-weight:300\">\n<li>Cours de Yoga<\/li>\n<\/ul>\n\n\n\n<p style=\"font-size:25px;font-style:normal;font-weight:300\">Havenne C\u00e9dric<\/p>\n\n\n\n<ul style=\"font-size:18px;font-style:normal;font-weight:300\">\n<li>Self D\u00e9fense<\/li>\n<\/ul>\n\n\n\n<p><\/p>\n","protected":false},"excerpt":{"rendered":"<div class=\"slide-text-bg2\"><span>Responsables : PLATIAU Marine &#8211; DUBOIS Sylvain L&rsquo;\u00e9quipe param\u00e9dicale Les kin\u00e9sith\u00e9rapeutes Platiau Marine Dubois Sylvain Najih Inesse Fr\u00e9d<\/span><\/div>\n<div class=\"slide-btn-area-sm\"><a href=\"http:\/\/aquasantebeloeil.be\/index.php\/nos-membres\/\" class=\"slide-btn-sm\">Lire la suite<\/a><\/div>\n","protected":false},"author":1,"featured_media":0,"parent":0,"menu_order":2,"comment_status":"closed","ping_status":"closed","template":"","meta":{"sfsi_plus_gutenberg_text_before_share":"","sfsi_plus_gutenberg_show_text_before_share":"","sfsi_plus_gutenberg_icon_type":"","sfsi_plus_gutenberg_icon_alignemt":"","sfsi_plus_gutenburg_max_per_row":""},"_links":{"self":[{"href":"http:\/\/aquasantebeloeil.be\/index.php\/wp-json\/wp\/v2\/pages\/18"}],"collection":[{"href":"http:\/\/aquasantebeloeil.be\/index.php\/wp-json\/wp\/v2\/pages"}],"about":[{"href":"http:\/\/aquasantebeloeil.be\/index.php\/wp-json\/wp\/v2\/types\/page"}],"author":[{"embeddable":true,"href":"http:\/\/aquasantebeloeil.be\/index.php\/wp-json\/wp\/v2\/users\/1"}],"replies":[{"embeddable":true,"href":"http:\/\/aquasantebeloeil.be\/index.php\/wp-json\/wp\/v2\/comments?post=18"}],"version-history":[{"count":33,"href":"http:\/\/aquasantebeloeil.be\/index.php\/wp-json\/wp\/v2\/pages\/18\/revisions"}],"predecessor-version":[{"id":954,"href":"http:\/\/aquasantebeloeil.be\/index.php\/wp-json\/wp\/v2\/pages\/18\/revisions\/954"}],"wp:attachment":[{"href":"http:\/\/aquasantebeloeil.be\/index.php\/wp-json\/wp\/v2\/media?parent=18"}],"curies":[{"name":"wp","href":"https:\/\/api.w.org\/{rel}","templated":true}]}}