{"id":339,"date":"2022-11-03T20:57:20","date_gmt":"2022-11-03T19:57:20","guid":{"rendered":"https:\/\/aquasantebeloeil.be\/?page_id=339"},"modified":"2024-08-13T14:51:52","modified_gmt":"2024-08-13T12:51:52","slug":"la-kinesitherapie","status":"publish","type":"page","link":"http:\/\/aquasantebeloeil.be\/index.php\/la-kinesitherapie\/","title":{"rendered":"La kin\u00e9sith\u00e9rapie"},"content":{"rendered":"\n<p class=\"has-text-align-center has-medium-font-size\" style=\"font-style:normal;font-weight:300\">La prise en charge au sein du centre se veut compl\u00e8te et les kin\u00e9sith\u00e9rapeutes pr\u00f4nent une prise en charge individualis\u00e9e et de qualit\u00e9. C&rsquo;est pourquoi nous insistons sur leurs diff\u00e9rentes formations qui les rendent compl\u00e9mentaires entre eux. D\u00e8s votre demande de prise en charge et si vous le d\u00e9sirez, vous serez orienter vers le th\u00e9rapeute ayant le plus de comp\u00e9tence pour traiter votre pathologie. <\/p>\n\n\n\n<div style=\"height:100px\" aria-hidden=\"true\" class=\"wp-block-spacer\"><\/div>\n\n\n\n<div class=\"wp-block-media-text alignwide is-stacked-on-mobile\" style=\"grid-template-columns:15% auto\"><figure class=\"wp-block-media-text__media\"><img decoding=\"async\" loading=\"lazy\" width=\"444\" height=\"960\" src=\"http:\/\/aquasantebeloeil.be\/wp-content\/uploads\/2019\/09\/68953561_118289009536419_4465533512614674432_n.jpg\" alt=\"\" class=\"wp-image-27 size-full\" srcset=\"http:\/\/aquasantebeloeil.be\/wp-content\/uploads\/2019\/09\/68953561_118289009536419_4465533512614674432_n.jpg 444w, http:\/\/aquasantebeloeil.be\/wp-content\/uploads\/2019\/09\/68953561_118289009536419_4465533512614674432_n-139x300.jpg 139w, http:\/\/aquasantebeloeil.be\/wp-content\/uploads\/2019\/09\/68953561_118289009536419_4465533512614674432_n-93x200.jpg 93w, http:\/\/aquasantebeloeil.be\/wp-content\/uploads\/2019\/09\/68953561_118289009536419_4465533512614674432_n-197x425.jpg 197w\" sizes=\"(max-width: 444px) 100vw, 444px\" \/><\/figure><div class=\"wp-block-media-text__content\">\n<p class=\"has-text-align-center\">DUBOIS SYLVAIN<\/p>\n\n\n\n<p>Ses formations : <\/p>\n\n\n\n<ul>\n<li>Kin\u00e9sith\u00e9rapie du sport : en charge de l\u2019\u00e9quipe f\u00e9minine de l\u2019USGTH (Mons) durant 3 saisons<\/li>\n\n\n\n<li>Les cha\u00eenes physiologiques &#8211; m\u00e9thode Busquet<\/li>\n\n\n\n<li>Th\u00e9rapie manuelle\u00a0<\/li>\n\n\n\n<li>Epaule au top : par Fr\u00e9d\u00e9ric Srour<\/li>\n<\/ul>\n\n\n\n<p class=\"has-text-color has-small-font-size\" style=\"color:#005180;font-style:italic;font-weight:100\">Un mot pour qualifier mon m\u00e9tier : \u00a0\u00bb Libert\u00e9. Mon but, quand vous venez me consulter, est de vous redonner confiance en vos mouvements. Trop souvent, \u00e0 la suite de pathologies, nous avons tendance \u00e0 restreindre nos activit\u00e9s. Je vous accompagne donc pour r\u00e9cup\u00e9rer la pleine libert\u00e9 de vos mouvement.\u00a0\u00bb<\/p>\n<\/div><\/div>\n\n\n\n<div style=\"height:40px\" aria-hidden=\"true\" class=\"wp-block-spacer\"><\/div>\n\n\n\n<div class=\"wp-block-media-text alignwide is-stacked-on-mobile\" style=\"grid-template-columns:15% auto\"><figure class=\"wp-block-media-text__media\"><img decoding=\"async\" loading=\"lazy\" width=\"487\" height=\"960\" src=\"http:\/\/aquasantebeloeil.be\/wp-content\/uploads\/2019\/09\/68987532_117538389611481_3002808681143205888_n.jpg\" alt=\"\" class=\"wp-image-19 size-full\" srcset=\"http:\/\/aquasantebeloeil.be\/wp-content\/uploads\/2019\/09\/68987532_117538389611481_3002808681143205888_n.jpg 487w, http:\/\/aquasantebeloeil.be\/wp-content\/uploads\/2019\/09\/68987532_117538389611481_3002808681143205888_n-152x300.jpg 152w, http:\/\/aquasantebeloeil.be\/wp-content\/uploads\/2019\/09\/68987532_117538389611481_3002808681143205888_n-101x200.jpg 101w, http:\/\/aquasantebeloeil.be\/wp-content\/uploads\/2019\/09\/68987532_117538389611481_3002808681143205888_n-216x425.jpg 216w\" sizes=\"(max-width: 487px) 100vw, 487px\" \/><\/figure><div class=\"wp-block-media-text__content\">\n<p class=\"has-text-align-center\">PLATIAU MARINE<\/p>\n\n\n\n<p>Ses formations : <\/p>\n\n\n\n<ul>\n<li>Drainage lymphatique manuel<\/li>\n\n\n\n<li>Th\u00e9rapie manuelle<\/li>\n\n\n\n<li>Les cha\u00eenes physiologiques &#8211; m\u00e9thode Busquet<\/li>\n\n\n\n<li>Techniques r\u00e9flexes et \u00e9nerg\u00e9tiques avec d\u00e9cryptage biologique<\/li>\n\n\n\n<li>Pilates et AquaPilates<\/li>\n\n\n\n<li>Lecture holistique ost\u00e9opathique\u00a0<\/li>\n<\/ul>\n\n\n\n<p class=\"has-text-color has-small-font-size\" style=\"color:#005180;font-style:italic;font-weight:100\">Un mot pour qualifier mon m\u00e9tier : \u00a0\u00bb Feu d\u2019artifice. Chaque probl\u00e8me pour lequel vous consultez peut souvent \u00eatre le reflet d\u2019un feu d\u2019artifice : il va donner un \u00e9ventail de sympt\u00f4mes que l\u2019on pourrait comparer aux magnifiques projections multicolores alors qu&rsquo;en r\u00e9alit\u00e9, il n\u2019a souvent qu\u2019une seule origine. Cette origine est soit \u00e9motionnelle ou structurelle. Mon but lors de nos s\u00e9ances est donc de vous aider \u00e0 trouver la solution ad\u00e9quate pour effacer ces diff\u00e9rents sympt\u00f4mes de votre ardoise.\u00a0\u00bb<\/p>\n<\/div><\/div>\n\n\n\n<div style=\"height:40px\" aria-hidden=\"true\" class=\"wp-block-spacer\"><\/div>\n\n\n\n<div class=\"wp-block-media-text alignwide is-stacked-on-mobile\" style=\"grid-template-columns:15% auto\"><figure class=\"wp-block-media-text__media\"><img decoding=\"async\" loading=\"lazy\" width=\"392\" height=\"559\" src=\"http:\/\/aquasantebeloeil.be\/wp-content\/uploads\/2022\/11\/316349061_892038402166396_116291832028725260_n.jpg\" alt=\"\" class=\"wp-image-461 size-full\" srcset=\"http:\/\/aquasantebeloeil.be\/wp-content\/uploads\/2022\/11\/316349061_892038402166396_116291832028725260_n.jpg 392w, http:\/\/aquasantebeloeil.be\/wp-content\/uploads\/2022\/11\/316349061_892038402166396_116291832028725260_n-210x300.jpg 210w\" sizes=\"(max-width: 392px) 100vw, 392px\" \/><\/figure><div class=\"wp-block-media-text__content\">\n<p class=\"has-text-align-center\">NAJIH Inesse<\/p>\n\n\n\n<p>Ses formations : <\/p>\n\n\n\n<ul>\n<li>Kin\u00e9sith\u00e9rapie du sport<\/li>\n\n\n\n<li>Prise en charge pr\u00e9-post partum <\/li>\n\n\n\n<li>\u00a0Th\u00e9rapie manuelle du nouveau-n\u00e9<\/li>\n\n\n\n<li>P\u00e9diatrie<\/li>\n<\/ul>\n\n\n\n<p class=\"has-text-color has-small-font-size\" style=\"color:#005180;font-style:italic;font-weight:100\">Un mot pour qualifier mon m\u00e9tier: \u00a0\u00bb Polyvalence. Mon m\u00e9tier me permet d\u2019utiliser des techniques et approches diverses et vari\u00e9es pour vous permettre de soulager vos douleurs et de vous accompagner dans votre prise en charge. \u00catre kin\u00e9 permet \u00e9galement d\u2019\u00eatre un \u00e9ternel \u00e9tudiant: tellement d\u2019\u00e9crits existent sur l\u2019efficacit\u00e9 de nos techniques et sur la compr\u00e9hension du corps humain, impossible de manquer de lecture \ud83d\ude09\u00a0\u00bb<\/p>\n<\/div><\/div>\n\n\n\n<div style=\"height:40px\" aria-hidden=\"true\" class=\"wp-block-spacer\"><\/div>\n\n\n\n<div class=\"wp-block-media-text alignwide is-stacked-on-mobile\" style=\"grid-template-columns:16% auto\"><figure class=\"wp-block-media-text__media\"><img decoding=\"async\" loading=\"lazy\" width=\"677\" height=\"1024\" src=\"http:\/\/aquasantebeloeil.be\/wp-content\/uploads\/2024\/08\/Capture-decran-2024-08-13-a-14.46.49-677x1024.png\" alt=\"\" class=\"wp-image-908 size-full\" srcset=\"http:\/\/aquasantebeloeil.be\/wp-content\/uploads\/2024\/08\/Capture-decran-2024-08-13-a-14.46.49-677x1024.png 677w, http:\/\/aquasantebeloeil.be\/wp-content\/uploads\/2024\/08\/Capture-decran-2024-08-13-a-14.46.49-198x300.png 198w, http:\/\/aquasantebeloeil.be\/wp-content\/uploads\/2024\/08\/Capture-decran-2024-08-13-a-14.46.49-768x1162.png 768w, http:\/\/aquasantebeloeil.be\/wp-content\/uploads\/2024\/08\/Capture-decran-2024-08-13-a-14.46.49.png 800w\" sizes=\"(max-width: 677px) 100vw, 677px\" \/><\/figure><div class=\"wp-block-media-text__content\">\n<p class=\"has-text-align-center\">FREDERIC Adrien<\/p>\n\n\n\n<p>Ses formations : <\/p>\n\n\n\n<ul>\n<li>McKenzie<\/li>\n\n\n\n<li>Th\u00e9rapie manuelle et sportive<\/li>\n<\/ul>\n\n\n\n<p class=\"has-text-color has-small-font-size\" style=\"color:#005180;font-style:italic;font-weight:100\">Un mot pour qualifier mon m\u00e9tier: \u00a0\u00bb Mouvement. Le mouvement c&rsquo;est le traitement. Mon objectif est de permettre au patient d&rsquo;avoir toutes les cl\u00e9s n\u00e9cessaires pour qu&rsquo;il puisse \u00eatre actif dans son traitement. Car m\u00eame si soulager une douleur peut durer quelques s\u00e9ances, il est important de travailler sur la pr\u00e9vention des blessures afin d&rsquo;\u00e9viter toute r\u00e9cidive. Et je pense que la meilleure pr\u00e9vention qu&rsquo;il soit est le mouvement. Tout en respectant votre rythme et vos attentes, je vous aiderai \u00e0 retrouver confiance en vos mouvements et en votre corps.\u00a0\u00bb<\/p>\n<\/div><\/div>\n\n\n\n<div style=\"height:40px\" aria-hidden=\"true\" class=\"wp-block-spacer\"><\/div>\n\n\n\n<p class=\"has-text-align-center has-black-color has-text-color has-background has-medium-font-size\" style=\"background-color:#7ca84a;font-style:normal;font-weight:300\"><em>Au sein du centre, vous aurez le choix entre trois types de s\u00e9ances : <\/em><\/p>\n\n\n\n<p class=\"has-text-align-center has-medium-font-size\" style=\"font-style:normal;font-weight:300\"><strong>La kin\u00e9sith\u00e9rapie en salle de soin<\/strong><\/p>\n\n\n\n<p class=\"has-text-align-center has-medium-font-size\" style=\"font-style:normal;font-weight:300\"><strong>La baln\u00e9oth\u00e9rapie : s\u00e9ance de kin\u00e9sith\u00e9rapie en piscine<\/strong><\/p>\n\n\n\n<p class=\"has-text-align-center has-medium-font-size\" style=\"font-style:normal;font-weight:300\"><strong>Les s\u00e9ances \u00e0 domicile<\/strong> &#8211; nous nous d\u00e9pla\u00e7ons dans les entit\u00e9s de Chi\u00e8vres et de Beloeil<\/p>\n\n\n\n<div style=\"height:66px\" aria-hidden=\"true\" class=\"wp-block-spacer\"><\/div>\n\n\n\n<p class=\"has-text-align-center has-text-color has-large-font-size\" style=\"color:#024a74;font-style:normal;font-weight:200\">Informations et rendez-vous : 069 86 89 65<\/p>\n","protected":false},"excerpt":{"rendered":"<div class=\"slide-text-bg2\"><span>La prise en charge au sein du centre se veut compl\u00e8te et les kin\u00e9sith\u00e9rapeutes pr\u00f4nent une prise en charge individualis\u00e9e et de qualit\u00e9. C&rsquo;est <\/span><\/div>\n<div class=\"slide-btn-area-sm\"><a href=\"http:\/\/aquasantebeloeil.be\/index.php\/la-kinesitherapie\/\" class=\"slide-btn-sm\">Lire la suite<\/a><\/div>\n","protected":false},"author":1,"featured_media":0,"parent":0,"menu_order":0,"comment_status":"closed","ping_status":"closed","template":"","meta":{"sfsi_plus_gutenberg_text_before_share":"","sfsi_plus_gutenberg_show_text_before_share":"","sfsi_plus_gutenberg_icon_type":"","sfsi_plus_gutenberg_icon_alignemt":"","sfsi_plus_gutenburg_max_per_row":""},"_links":{"self":[{"href":"http:\/\/aquasantebeloeil.be\/index.php\/wp-json\/wp\/v2\/pages\/339"}],"collection":[{"href":"http:\/\/aquasantebeloeil.be\/index.php\/wp-json\/wp\/v2\/pages"}],"about":[{"href":"http:\/\/aquasantebeloeil.be\/index.php\/wp-json\/wp\/v2\/types\/page"}],"author":[{"embeddable":true,"href":"http:\/\/aquasantebeloeil.be\/index.php\/wp-json\/wp\/v2\/users\/1"}],"replies":[{"embeddable":true,"href":"http:\/\/aquasantebeloeil.be\/index.php\/wp-json\/wp\/v2\/comments?post=339"}],"version-history":[{"count":18,"href":"http:\/\/aquasantebeloeil.be\/index.php\/wp-json\/wp\/v2\/pages\/339\/revisions"}],"predecessor-version":[{"id":909,"href":"http:\/\/aquasantebeloeil.be\/index.php\/wp-json\/wp\/v2\/pages\/339\/revisions\/909"}],"wp:attachment":[{"href":"http:\/\/aquasantebeloeil.be\/index.php\/wp-json\/wp\/v2\/media?parent=339"}],"curies":[{"name":"wp","href":"https:\/\/api.w.org\/{rel}","templated":true}]}}