{"id":658,"date":"2023-11-17T08:31:12","date_gmt":"2023-11-17T07:31:12","guid":{"rendered":"http:\/\/aquasantebeloeil.be\/?page_id=658"},"modified":"2025-09-30T16:56:56","modified_gmt":"2025-09-30T14:56:56","slug":"apprentissage-individuel","status":"publish","type":"page","link":"http:\/\/aquasantebeloeil.be\/index.php\/apprentissage-individuel\/","title":{"rendered":"Apprentissage individuel \u00e0 la nage"},"content":{"rendered":"\n<p class=\"has-text-align-right has-text-color has-medium-font-size\" style=\"color:#6a9602\">Personne en charge : TANCREDI Adriano <\/p>\n\n\n\n<div style=\"height:50px\" aria-hidden=\"true\" class=\"wp-block-spacer\"><\/div>\n\n\n\n<p class=\"has-text-align-center has-text-color\" style=\"color:#08587a;font-size:26px;font-style:normal;font-weight:200\">L&rsquo;apprentissage individuel permet \u00e0 votre enfant une prise en charge sp\u00e9cifique \u00e0 ses besoins. <\/p>\n\n\n\n<div style=\"height:47px\" aria-hidden=\"true\" class=\"wp-block-spacer\"><\/div>\n\n\n\n<p class=\"has-medium-font-size\" style=\"font-style:normal;font-weight:300\">Parfois, il suffit d\u2019un petit ajustement \u2014 une respiration mieux ma\u00eetris\u00e9e, une position du corps ou un geste technique \u2014 pour que votre enfant s\u2019affranchisse dans l\u2019eau. Nos s\u00e9ances individuelles le plongent dans une bulle d\u2019apprentissage personnalis\u00e9e : un moniteur dipl\u00f4m\u00e9, des exercices adapt\u00e9s \u00e0 son \u00e2ge et \u00e0 son rythme, et un accompagnement bienveillant. <\/p>\n\n\n\n<p class=\"has-medium-font-size\" style=\"font-style:normal;font-weight:300\">R\u00e9sultat : confiance renforc\u00e9e, s\u00e9curit\u00e9 aquatique et progr\u00e8s visibles s\u00e9ance apr\u00e8s s\u00e9ance, avec un suivi et des retours aux parents.<\/p>\n\n\n\n<div style=\"height:84px\" aria-hidden=\"true\" class=\"wp-block-spacer\"><\/div>\n\n\n\n<p class=\"has-medium-font-size\" style=\"font-style:normal;font-weight:300\"><\/p>\n\n\n\n<div style=\"height:47px\" aria-hidden=\"true\" class=\"wp-block-spacer\"><\/div>\n\n\n\n<p class=\"has-medium-font-size\">Tarif : 35\u20ac \/ 45 min<\/p>\n\n\n\n<div style=\"height:95px\" aria-hidden=\"true\" class=\"wp-block-spacer\"><\/div>\n\n\n\n<p class=\"has-text-align-center has-text-color has-large-font-size\" style=\"color:#03476f;font-style:normal;font-weight:200;letter-spacing:3px\">Informations et r\u00e9servations : 0497 46 74 38<\/p>\n\n\n\n<figure class=\"wp-block-video\"><video controls src=\"http:\/\/aquasantebeloeil.be\/wp-content\/uploads\/2023\/12\/60e106f3-b2b3-4300-9462-292cea2c326e.mp4\"><\/video><\/figure>\n","protected":false},"excerpt":{"rendered":"<div class=\"slide-text-bg2\"><span>Personne en charge : TANCREDI Adriano L&rsquo;apprentissage individuel permet \u00e0 votre enfant une prise en charge sp\u00e9cifique \u00e0 ses besoins. Parfois, il s<\/span><\/div>\n<div class=\"slide-btn-area-sm\"><a href=\"http:\/\/aquasantebeloeil.be\/index.php\/apprentissage-individuel\/\" class=\"slide-btn-sm\">Lire la suite<\/a><\/div>\n","protected":false},"author":1,"featured_media":0,"parent":0,"menu_order":0,"comment_status":"closed","ping_status":"closed","template":"","meta":{"sfsi_plus_gutenberg_text_before_share":"","sfsi_plus_gutenberg_show_text_before_share":"","sfsi_plus_gutenberg_icon_type":"","sfsi_plus_gutenberg_icon_alignemt":"","sfsi_plus_gutenburg_max_per_row":""},"_links":{"self":[{"href":"http:\/\/aquasantebeloeil.be\/index.php\/wp-json\/wp\/v2\/pages\/658"}],"collection":[{"href":"http:\/\/aquasantebeloeil.be\/index.php\/wp-json\/wp\/v2\/pages"}],"about":[{"href":"http:\/\/aquasantebeloeil.be\/index.php\/wp-json\/wp\/v2\/types\/page"}],"author":[{"embeddable":true,"href":"http:\/\/aquasantebeloeil.be\/index.php\/wp-json\/wp\/v2\/users\/1"}],"replies":[{"embeddable":true,"href":"http:\/\/aquasantebeloeil.be\/index.php\/wp-json\/wp\/v2\/comments?post=658"}],"version-history":[{"count":11,"href":"http:\/\/aquasantebeloeil.be\/index.php\/wp-json\/wp\/v2\/pages\/658\/revisions"}],"predecessor-version":[{"id":925,"href":"http:\/\/aquasantebeloeil.be\/index.php\/wp-json\/wp\/v2\/pages\/658\/revisions\/925"}],"wp:attachment":[{"href":"http:\/\/aquasantebeloeil.be\/index.php\/wp-json\/wp\/v2\/media?parent=658"}],"curies":[{"name":"wp","href":"https:\/\/api.w.org\/{rel}","templated":true}]}}